{"id":1631,"date":"2024-06-02T22:58:30","date_gmt":"2024-06-02T20:58:30","guid":{"rendered":"https:\/\/parkingcentre.es\/?page_id=1631"},"modified":"2024-07-10T18:26:56","modified_gmt":"2024-07-10T16:26:56","slug":"home","status":"publish","type":"page","link":"https:\/\/parkingcentre.es\/fr\/","title":{"rendered":"Inicio"},"content":{"rendered":"<div data-elementor-type=\"wp-page\" data-elementor-id=\"1631\" class=\"elementor elementor-1631\" data-elementor-post-type=\"page\">\n\t\t\t\t<div class=\"elementor-element elementor-element-72ef869 e-flex e-con-boxed e-con e-parent\" data-id=\"72ef869\" data-element_type=\"container\" data-settings=\"{&quot;background_background&quot;:&quot;classic&quot;}\">\n\t\t\t\t\t<div class=\"e-con-inner\">\n\t\t\t\t<div class=\"elementor-element elementor-element-47479c8 elementor-widget elementor-widget-heading\" data-id=\"47479c8\" data-element_type=\"widget\" data-widget_type=\"heading.default\">\n\t\t\t\t<div class=\"elementor-widget-container\">\n\t\t\t\t\t<h1 class=\"elementor-heading-title elementor-size-default\">Parking Centro Santa Coloma<\/h1>\t\t\t\t<\/div>\n\t\t\t\t<\/div>\n\t\t\t\t<div class=\"elementor-element elementor-element-32ac7e0 elementor-widget elementor-widget-text-editor\" data-id=\"32ac7e0\" data-element_type=\"widget\" data-widget_type=\"text-editor.default\">\n\t\t\t\t<div class=\"elementor-widget-container\">\n\t\t\t\t\t\t\t\t\tTu parking de confianza en pleno centro de Santa Coloma de Gramanet\n<ul>\n \t<li>Ouvert 24 heures sur 24, 365 jours par an<\/li>\n \t<li>En plein c\u0153ur de la ville<\/li>\n \t<li>Enregistrements et d\u00e9parts illimit\u00e9s lors de la r\u00e9servation<\/li>\n<li>A menos de un minuto de un supermercado<\/li>\n<\/ul>\t\t\t\t\t\t\t\t<\/div>\n\t\t\t\t<\/div>\n\t\t\t\t<div class=\"elementor-element elementor-element-f48b016 elementor-widget elementor-widget-button\" data-id=\"f48b016\" data-element_type=\"widget\" data-widget_type=\"button.default\">\n\t\t\t\t<div class=\"elementor-widget-container\">\n\t\t\t\t\t\t\t\t\t<div class=\"elementor-button-wrapper\">\n\t\t\t\t\t<a class=\"elementor-button elementor-button-link elementor-size-sm\" href=\"https:\/\/parkingcentre.es\/fr\/booking\/centre\/\">\n\t\t\t\t\t\t<span class=\"elementor-button-content-wrapper\">\n\t\t\t\t\t\t\t\t\t<span class=\"elementor-button-text\">R\u00e9server une place<\/span>\n\t\t\t\t\t<\/span>\n\t\t\t\t\t<\/a>\n\t\t\t\t<\/div>\n\t\t\t\t\t\t\t\t<\/div>\n\t\t\t\t<\/div>\n\t\t\t\t\t<\/div>\n\t\t\t\t<\/div>\n\t\t<div class=\"elementor-element elementor-element-f2077ca e-flex e-con-boxed e-con e-parent\" data-id=\"f2077ca\" data-element_type=\"container\">\n\t\t\t\t\t<div class=\"e-con-inner\">\n\t\t\t\t<div class=\"elementor-element elementor-element-d5f6416 elementor-widget elementor-widget-heading\" data-id=\"d5f6416\" data-element_type=\"widget\" data-widget_type=\"heading.default\">\n\t\t\t\t<div class=\"elementor-widget-container\">\n\t\t\t\t\t<h2 class=\"elementor-heading-title elementor-size-default\">Parking Centro Santa Coloma<\/h2>\t\t\t\t<\/div>\n\t\t\t\t<\/div>\n\t\t\t\t<div class=\"elementor-element elementor-element-0692056 elementor-widget elementor-widget-text-editor\" data-id=\"0692056\" data-element_type=\"widget\" data-widget_type=\"text-editor.default\">\n\t\t\t\t<div class=\"elementor-widget-container\">\n\t\t\t\t\t\t\t\t\tCentralidad y accesibilidad al mejor precio\t\t\t\t\t\t\t\t<\/div>\n\t\t\t\t<\/div>\n\t\t<div class=\"elementor-element elementor-element-891148b e-flex e-con-boxed e-con e-child\" data-id=\"891148b\" data-element_type=\"container\">\n\t\t\t\t\t<div class=\"e-con-inner\">\n\t\t<div class=\"elementor-element elementor-element-a219025 e-flex e-con-boxed e-con e-child\" data-id=\"a219025\" data-element_type=\"container\">\n\t\t\t\t\t<div class=\"e-con-inner\">\n\t\t\t\t<div class=\"elementor-element elementor-element-2636b2b elementor-widget elementor-widget-image\" data-id=\"2636b2b\" data-element_type=\"widget\" data-widget_type=\"image.default\">\n\t\t\t\t<div class=\"elementor-widget-container\">\n\t\t\t\t\t\t\t\t\t\t\t\t\t\t\t<img fetchpriority=\"high\" decoding=\"async\" width=\"480\" height=\"245\" src=\"https:\/\/parkingcentre.es\/wp-content\/uploads\/sites\/16\/2024\/05\/Parking-CENTRO-Santa-Coloma-36-e1720626774423.jpg\" class=\"attachment-medium_large size-medium_large wp-image-2197\" alt=\"\" srcset=\"https:\/\/parkingcentre.es\/wp-content\/uploads\/sites\/16\/2024\/05\/Parking-CENTRO-Santa-Coloma-36-e1720626774423.jpg 480w, https:\/\/parkingcentre.es\/wp-content\/uploads\/sites\/16\/2024\/05\/Parking-CENTRO-Santa-Coloma-36-e1720626774423-300x153.jpg 300w, https:\/\/parkingcentre.es\/wp-content\/uploads\/sites\/16\/2024\/05\/Parking-CENTRO-Santa-Coloma-36-e1720626774423-18x9.jpg 18w\" sizes=\"(max-width: 480px) 100vw, 480px\" \/>\t\t\t\t\t\t\t\t\t\t\t\t\t\t\t<\/div>\n\t\t\t\t<\/div>\n\t\t\t\t<div class=\"elementor-element elementor-element-1f704e3 elementor-widget elementor-widget-heading\" data-id=\"1f704e3\" data-element_type=\"widget\" data-widget_type=\"heading.default\">\n\t\t\t\t<div class=\"elementor-widget-container\">\n\t\t\t\t\t<h3 class=\"elementor-heading-title elementor-size-default\">Entr\u00e9es et sorties illimit\u00e9es<\/h3>\t\t\t\t<\/div>\n\t\t\t\t<\/div>\n\t\t\t\t<div class=\"elementor-element elementor-element-896a25a elementor-widget elementor-widget-text-editor\" data-id=\"896a25a\" data-element_type=\"widget\" data-widget_type=\"text-editor.default\">\n\t\t\t\t<div class=\"elementor-widget-container\">\n\t\t\t\t\t\t\t\t\t<p>Nuestro parking ofrece entradas y salidas ilimitadas las 24 horas del d\u00eda. Esto te brinda la m\u00e1xima flexibilidad para moverte por la ciudad sin preocupaciones sobre los horarios de apertura o cierre del parking.<\/p>\t\t\t\t\t\t\t\t<\/div>\n\t\t\t\t<\/div>\n\t\t\t\t\t<\/div>\n\t\t\t\t<\/div>\n\t\t<div class=\"elementor-element elementor-element-590ea90 e-flex e-con-boxed e-con e-child\" data-id=\"590ea90\" data-element_type=\"container\">\n\t\t\t\t\t<div class=\"e-con-inner\">\n\t\t\t\t<div class=\"elementor-element elementor-element-c14b054 elementor-widget elementor-widget-image\" data-id=\"c14b054\" data-element_type=\"widget\" data-widget_type=\"image.default\">\n\t\t\t\t<div class=\"elementor-widget-container\">\n\t\t\t\t\t\t\t\t\t\t\t\t\t\t\t<img decoding=\"async\" width=\"681\" height=\"653\" src=\"https:\/\/parkingcentre.es\/wp-content\/uploads\/sites\/16\/2024\/05\/Captura-de-pantalla-2024-07-10-174556-e1720626447235.png\" class=\"attachment-medium_large size-medium_large wp-image-2204\" alt=\"\" srcset=\"https:\/\/parkingcentre.es\/wp-content\/uploads\/sites\/16\/2024\/05\/Captura-de-pantalla-2024-07-10-174556-e1720626447235.png 681w, https:\/\/parkingcentre.es\/wp-content\/uploads\/sites\/16\/2024\/05\/Captura-de-pantalla-2024-07-10-174556-e1720626447235-300x288.png 300w, https:\/\/parkingcentre.es\/wp-content\/uploads\/sites\/16\/2024\/05\/Captura-de-pantalla-2024-07-10-174556-e1720626447235-13x12.png 13w\" sizes=\"(max-width: 681px) 100vw, 681px\" \/>\t\t\t\t\t\t\t\t\t\t\t\t\t\t\t<\/div>\n\t\t\t\t<\/div>\n\t\t\t\t<div class=\"elementor-element elementor-element-2a78376 elementor-widget elementor-widget-heading\" data-id=\"2a78376\" data-element_type=\"widget\" data-widget_type=\"heading.default\">\n\t\t\t\t<div class=\"elementor-widget-container\">\n\t\t\t\t\t<h3 class=\"elementor-heading-title elementor-size-default\">Localizaci\u00f3n <\/h3>\t\t\t\t<\/div>\n\t\t\t\t<\/div>\n\t\t\t\t<div class=\"elementor-element elementor-element-71a3873 elementor-widget elementor-widget-text-editor\" data-id=\"71a3873\" data-element_type=\"widget\" data-widget_type=\"text-editor.default\">\n\t\t\t\t<div class=\"elementor-widget-container\">\n\t\t\t\t\t\t\t\t\tEn Parking Centro Santa Coloma, disfruta de nuestra ubicaci\u00f3n c\u00e9ntrica en Santa Coloma de Gramenet, junto a la Rambla Sant Sebasti\u00e0 y el supermercado Lidl. Con acceso r\u00e1pido a las estaciones de metro L1 y L9, facilitamos tu movilidad por la ciudad y ofrecemos comodidad y seguridad las 24 horas.\t\t\t\t\t\t\t\t<\/div>\n\t\t\t\t<\/div>\n\t\t\t\t\t<\/div>\n\t\t\t\t<\/div>\n\t\t<div class=\"elementor-element elementor-element-93278db e-flex e-con-boxed e-con e-child\" data-id=\"93278db\" data-element_type=\"container\">\n\t\t\t\t\t<div class=\"e-con-inner\">\n\t\t\t\t<div class=\"elementor-element elementor-element-7f5a03a elementor-widget elementor-widget-image\" data-id=\"7f5a03a\" data-element_type=\"widget\" data-widget_type=\"image.default\">\n\t\t\t\t<div class=\"elementor-widget-container\">\n\t\t\t\t\t\t\t\t\t\t\t\t\t\t\t<img decoding=\"async\" width=\"768\" height=\"718\" src=\"https:\/\/parkingcentre.es\/wp-content\/uploads\/sites\/16\/2024\/07\/pexels-photo-7314593-768x718.jpeg\" class=\"attachment-medium_large size-medium_large wp-image-2211\" alt=\"\" srcset=\"https:\/\/parkingcentre.es\/wp-content\/uploads\/sites\/16\/2024\/07\/pexels-photo-7314593-768x718.jpeg 768w, https:\/\/parkingcentre.es\/wp-content\/uploads\/sites\/16\/2024\/07\/pexels-photo-7314593-300x281.jpeg 300w, https:\/\/parkingcentre.es\/wp-content\/uploads\/sites\/16\/2024\/07\/pexels-photo-7314593-1024x958.jpeg 1024w, https:\/\/parkingcentre.es\/wp-content\/uploads\/sites\/16\/2024\/07\/pexels-photo-7314593-1536x1436.jpeg 1536w, https:\/\/parkingcentre.es\/wp-content\/uploads\/sites\/16\/2024\/07\/pexels-photo-7314593-13x12.jpeg 13w, https:\/\/parkingcentre.es\/wp-content\/uploads\/sites\/16\/2024\/07\/pexels-photo-7314593.jpeg 1604w\" sizes=\"(max-width: 768px) 100vw, 768px\" \/>\t\t\t\t\t\t\t\t\t\t\t\t\t\t\t<\/div>\n\t\t\t\t<\/div>\n\t\t\t\t<div class=\"elementor-element elementor-element-aaf5428 elementor-widget elementor-widget-heading\" data-id=\"aaf5428\" data-element_type=\"widget\" data-widget_type=\"heading.default\">\n\t\t\t\t<div class=\"elementor-widget-container\">\n\t\t\t\t\t<h3 class=\"elementor-heading-title elementor-size-default\">S\u00e9curit\u00e9 et confort<\/h3>\t\t\t\t<\/div>\n\t\t\t\t<\/div>\n\t\t\t\t<div class=\"elementor-element elementor-element-e704066 elementor-widget elementor-widget-text-editor\" data-id=\"e704066\" data-element_type=\"widget\" data-widget_type=\"text-editor.default\">\n\t\t\t\t<div class=\"elementor-widget-container\">\n\t\t\t\t\t\t\t\t\tNous proposons des espaces extra-larges qui facilitent le stationnement et garantissent votre confort \u00e0 tout moment. De plus, notre zone est vid\u00e9o-surveill\u00e9e 24h\/24, offrant ainsi une s\u00e9curit\u00e9 maximale \u00e0 votre v\u00e9hicule. Vous pourrez ainsi profiter de votre visite \u00e0 Barcelone en toute tranquillit\u00e9.\t\t\t\t\t\t\t\t<\/div>\n\t\t\t\t<\/div>\n\t\t\t\t\t<\/div>\n\t\t\t\t<\/div>\n\t\t\t\t\t<\/div>\n\t\t\t\t<\/div>\n\t\t\t\t\t<\/div>\n\t\t\t\t<\/div>\n\t\t<div class=\"elementor-element elementor-element-95f77d5 e-flex e-con-boxed e-con e-parent\" data-id=\"95f77d5\" data-element_type=\"container\" data-settings=\"{&quot;background_background&quot;:&quot;classic&quot;}\">\n\t\t\t\t\t<div class=\"e-con-inner\">\n\t\t\t\t<div class=\"elementor-element elementor-element-0feb80c elementor-widget elementor-widget-heading\" data-id=\"0feb80c\" data-element_type=\"widget\" data-widget_type=\"heading.default\">\n\t\t\t\t<div class=\"elementor-widget-container\">\n\t\t\t\t\t<h2 class=\"elementor-heading-title elementor-size-default\">Todas las ventajas del Parking Centro Santa Coloma<\/h2>\t\t\t\t<\/div>\n\t\t\t\t<\/div>\n\t\t\t\t<div class=\"elementor-element elementor-element-4be3be0 elementor-widget__width-initial elementor-widget elementor-widget-text-editor\" data-id=\"4be3be0\" data-element_type=\"widget\" data-widget_type=\"text-editor.default\">\n\t\t\t\t<div class=\"elementor-widget-container\">\n\t\t\t\t\t\t\t\t\t<p>Garez votre voiture dans un parking confortable, s\u00fbr et s\u00e9curis\u00e9.<\/p>\t\t\t\t\t\t\t\t<\/div>\n\t\t\t\t<\/div>\n\t\t<div class=\"elementor-element elementor-element-fb54328 e-grid e-con-boxed e-con e-child\" data-id=\"fb54328\" data-element_type=\"container\">\n\t\t\t\t\t<div class=\"e-con-inner\">\n\t\t\t\t<div class=\"elementor-element elementor-element-826cf2f elementor-widget-mobile__width-initial elementor-position-top elementor-widget elementor-widget-image-box\" data-id=\"826cf2f\" data-element_type=\"widget\" data-widget_type=\"image-box.default\">\n\t\t\t\t<div class=\"elementor-widget-container\">\n\t\t\t\t\t<div class=\"elementor-image-box-wrapper\"><figure class=\"elementor-image-box-img\"><img loading=\"lazy\" decoding=\"async\" width=\"512\" height=\"512\" src=\"https:\/\/parkingcentre.es\/wp-content\/uploads\/sites\/16\/2024\/05\/garage.png\" class=\"attachment-full size-full wp-image-95\" alt=\"\" srcset=\"https:\/\/parkingcentre.es\/wp-content\/uploads\/sites\/16\/2024\/05\/garage.png 512w, https:\/\/parkingcentre.es\/wp-content\/uploads\/sites\/16\/2024\/05\/garage-300x300.png 300w, https:\/\/parkingcentre.es\/wp-content\/uploads\/sites\/16\/2024\/05\/garage-150x150.png 150w\" sizes=\"(max-width: 512px) 100vw, 512px\" \/><\/figure><div class=\"elementor-image-box-content\"><span class=\"elementor-image-box-title\">Parking couvert<\/span><\/div><\/div>\t\t\t\t<\/div>\n\t\t\t\t<\/div>\n\t\t\t\t<div class=\"elementor-element elementor-element-2943ff9 elementor-widget-mobile__width-initial elementor-position-top elementor-widget elementor-widget-image-box\" data-id=\"2943ff9\" data-element_type=\"widget\" data-widget_type=\"image-box.default\">\n\t\t\t\t<div class=\"elementor-widget-container\">\n\t\t\t\t\t<div class=\"elementor-image-box-wrapper\"><figure class=\"elementor-image-box-img\"><img loading=\"lazy\" decoding=\"async\" width=\"512\" height=\"512\" src=\"https:\/\/parkingcentre.es\/wp-content\/uploads\/sites\/16\/2024\/05\/24-hours-support.png\" class=\"attachment-full size-full wp-image-94\" alt=\"\" srcset=\"https:\/\/parkingcentre.es\/wp-content\/uploads\/sites\/16\/2024\/05\/24-hours-support.png 512w, https:\/\/parkingcentre.es\/wp-content\/uploads\/sites\/16\/2024\/05\/24-hours-support-300x300.png 300w, https:\/\/parkingcentre.es\/wp-content\/uploads\/sites\/16\/2024\/05\/24-hours-support-150x150.png 150w\" sizes=\"(max-width: 512px) 100vw, 512px\" \/><\/figure><div class=\"elementor-image-box-content\"><span class=\"elementor-image-box-title\">Acc\u00e8s 24h\/24<\/span><\/div><\/div>\t\t\t\t<\/div>\n\t\t\t\t<\/div>\n\t\t\t\t<div class=\"elementor-element elementor-element-27cc99a elementor-widget-mobile__width-initial elementor-position-top elementor-widget elementor-widget-image-box\" data-id=\"27cc99a\" data-element_type=\"widget\" data-widget_type=\"image-box.default\">\n\t\t\t\t<div class=\"elementor-widget-container\">\n\t\t\t\t\t<div class=\"elementor-image-box-wrapper\"><figure class=\"elementor-image-box-img\"><img loading=\"lazy\" decoding=\"async\" width=\"512\" height=\"512\" src=\"https:\/\/parkingcentre.es\/wp-content\/uploads\/sites\/16\/2024\/05\/infinity.png\" class=\"attachment-full size-full wp-image-93\" alt=\"\" srcset=\"https:\/\/parkingcentre.es\/wp-content\/uploads\/sites\/16\/2024\/05\/infinity.png 512w, https:\/\/parkingcentre.es\/wp-content\/uploads\/sites\/16\/2024\/05\/infinity-300x300.png 300w, https:\/\/parkingcentre.es\/wp-content\/uploads\/sites\/16\/2024\/05\/infinity-150x150.png 150w\" sizes=\"(max-width: 512px) 100vw, 512px\" \/><\/figure><div class=\"elementor-image-box-content\"><span class=\"elementor-image-box-title\">Billets illimit\u00e9s<\/span><\/div><\/div>\t\t\t\t<\/div>\n\t\t\t\t<\/div>\n\t\t\t\t<div class=\"elementor-element elementor-element-b369df2 elementor-widget-mobile__width-initial elementor-position-top elementor-widget elementor-widget-image-box\" data-id=\"b369df2\" data-element_type=\"widget\" data-widget_type=\"image-box.default\">\n\t\t\t\t<div class=\"elementor-widget-container\">\n\t\t\t\t\t<div class=\"elementor-image-box-wrapper\"><figure class=\"elementor-image-box-img\"><img loading=\"lazy\" decoding=\"async\" width=\"512\" height=\"512\" src=\"https:\/\/parkingcentre.es\/wp-content\/uploads\/sites\/16\/2024\/05\/disabled.png\" class=\"attachment-full size-full wp-image-91\" alt=\"\" srcset=\"https:\/\/parkingcentre.es\/wp-content\/uploads\/sites\/16\/2024\/05\/disabled.png 512w, https:\/\/parkingcentre.es\/wp-content\/uploads\/sites\/16\/2024\/05\/disabled-300x300.png 300w, https:\/\/parkingcentre.es\/wp-content\/uploads\/sites\/16\/2024\/05\/disabled-150x150.png 150w\" sizes=\"(max-width: 512px) 100vw, 512px\" \/><\/figure><div class=\"elementor-image-box-content\"><span class=\"elementor-image-box-title\">Accessibilit\u00e9 PMR<\/span><\/div><\/div>\t\t\t\t<\/div>\n\t\t\t\t<\/div>\n\t\t\t\t<div class=\"elementor-element elementor-element-a15b943 elementor-widget-mobile__width-initial elementor-position-top elementor-widget elementor-widget-image-box\" data-id=\"a15b943\" data-element_type=\"widget\" data-widget_type=\"image-box.default\">\n\t\t\t\t<div class=\"elementor-widget-container\">\n\t\t\t\t\t<div class=\"elementor-image-box-wrapper\"><figure class=\"elementor-image-box-img\"><img loading=\"lazy\" decoding=\"async\" width=\"512\" height=\"512\" src=\"https:\/\/parkingcentre.es\/wp-content\/uploads\/sites\/16\/2024\/05\/wide.png\" class=\"attachment-full size-full wp-image-92\" alt=\"\" srcset=\"https:\/\/parkingcentre.es\/wp-content\/uploads\/sites\/16\/2024\/05\/wide.png 512w, https:\/\/parkingcentre.es\/wp-content\/uploads\/sites\/16\/2024\/05\/wide-300x300.png 300w, https:\/\/parkingcentre.es\/wp-content\/uploads\/sites\/16\/2024\/05\/wide-150x150.png 150w\" sizes=\"(max-width: 512px) 100vw, 512px\" \/><\/figure><div class=\"elementor-image-box-content\"><span class=\"elementor-image-box-title\">Grands espaces<\/span><\/div><\/div>\t\t\t\t<\/div>\n\t\t\t\t<\/div>\n\t\t\t\t<div class=\"elementor-element elementor-element-6897be2 elementor-widget-mobile__width-initial elementor-position-top elementor-widget elementor-widget-image-box\" data-id=\"6897be2\" data-element_type=\"widget\" data-widget_type=\"image-box.default\">\n\t\t\t\t<div class=\"elementor-widget-container\">\n\t\t\t\t\t<div class=\"elementor-image-box-wrapper\"><figure class=\"elementor-image-box-img\"><img loading=\"lazy\" decoding=\"async\" width=\"512\" height=\"512\" src=\"https:\/\/parkingcentre.es\/wp-content\/uploads\/sites\/16\/2024\/05\/security-camera.png\" class=\"attachment-full size-full wp-image-90\" alt=\"\" srcset=\"https:\/\/parkingcentre.es\/wp-content\/uploads\/sites\/16\/2024\/05\/security-camera.png 512w, https:\/\/parkingcentre.es\/wp-content\/uploads\/sites\/16\/2024\/05\/security-camera-300x300.png 300w, https:\/\/parkingcentre.es\/wp-content\/uploads\/sites\/16\/2024\/05\/security-camera-150x150.png 150w\" sizes=\"(max-width: 512px) 100vw, 512px\" \/><\/figure><div class=\"elementor-image-box-content\"><span class=\"elementor-image-box-title\">Zone de vid\u00e9osurveillance<\/span><\/div><\/div>\t\t\t\t<\/div>\n\t\t\t\t<\/div>\n\t\t\t\t\t<\/div>\n\t\t\t\t<\/div>\n\t\t\t\t\t<\/div>\n\t\t\t\t<\/div>\n\t\t<div class=\"elementor-element elementor-element-74aa7ca e-flex e-con-boxed e-con e-parent\" data-id=\"74aa7ca\" data-element_type=\"container\">\n\t\t\t\t\t<div class=\"e-con-inner\">\n\t\t\t\t<div class=\"elementor-element elementor-element-37e674d elementor-widget elementor-widget-heading\" data-id=\"37e674d\" data-element_type=\"widget\" data-widget_type=\"heading.default\">\n\t\t\t\t<div class=\"elementor-widget-container\">\n\t\t\t\t\t<h2 class=\"elementor-heading-title elementor-size-default\">\u00bfPor qu\u00e9 utilizar Parking Centro Santa Coloma?<\/h2>\t\t\t\t<\/div>\n\t\t\t\t<\/div>\n\t\t\t\t<div class=\"elementor-element elementor-element-c154630 elementor-widget elementor-widget-text-editor\" data-id=\"c154630\" data-element_type=\"widget\" data-widget_type=\"text-editor.default\">\n\t\t\t\t<div class=\"elementor-widget-container\">\n\t\t\t\t\t\t\t\t\t<p>Au centre et avec tous les services !<\/p>\t\t\t\t\t\t\t\t<\/div>\n\t\t\t\t<\/div>\n\t\t<div class=\"elementor-element elementor-element-c3bb7c6 e-flex e-con-boxed e-con e-child\" data-id=\"c3bb7c6\" data-element_type=\"container\">\n\t\t\t\t\t<div class=\"e-con-inner\">\n\t\t<div class=\"elementor-element elementor-element-f8dfa59 e-flex e-con-boxed e-con e-child\" data-id=\"f8dfa59\" data-element_type=\"container\" data-settings=\"{&quot;background_background&quot;:&quot;classic&quot;}\">\n\t\t\t\t\t<div class=\"e-con-inner\">\n\t\t\t\t\t<\/div>\n\t\t\t\t<\/div>\n\t\t<div class=\"elementor-element elementor-element-fa18a1f e-flex e-con-boxed e-con e-child\" data-id=\"fa18a1f\" data-element_type=\"container\">\n\t\t\t\t\t<div class=\"e-con-inner\">\n\t\t<div class=\"elementor-element elementor-element-45cee48 e-flex e-con-boxed e-con e-child\" data-id=\"45cee48\" data-element_type=\"container\">\n\t\t\t\t\t<div class=\"e-con-inner\">\n\t\t\t\t<div class=\"elementor-element elementor-element-3312a28 elementor-widget elementor-widget-heading\" data-id=\"3312a28\" data-element_type=\"widget\" data-widget_type=\"heading.default\">\n\t\t\t\t<div class=\"elementor-widget-container\">\n\t\t\t\t\t<h3 class=\"elementor-heading-title elementor-size-default\">Garez votre voiture dans un parking confortable, s\u00fbr et s\u00e9curis\u00e9.<\/h3>\t\t\t\t<\/div>\n\t\t\t\t<\/div>\n\t\t\t\t<div class=\"elementor-element elementor-element-0283117 elementor-widget elementor-widget-text-editor\" data-id=\"0283117\" data-element_type=\"widget\" data-widget_type=\"text-editor.default\">\n\t\t\t\t<div class=\"elementor-widget-container\">\n\t\t\t\t\t\t\t\t\tEl Parking Centro Santa Coloma ofrece plazas amplias para garantizar una experiencia de estacionamiento c\u00f3moda. Situado en el centro de Santa Coloma de Gramenet, a pocos pasos de la Rambla Sant Sebasti\u00e0 y la Rambla del Fondo, nuestro parking facilita un acceso r\u00e1pido a puntos de inter\u00e9s como el Mercat Segarra y Municipal. Con acceso las 24 horas y entradas y salidas ilimitadas, podr\u00e1s disfrutar de tu estancia o actividades sin preocupaciones de horarios.\t\t\t\t\t\t\t\t<\/div>\n\t\t\t\t<\/div>\n\t\t\t\t<div class=\"elementor-element elementor-element-2d5f9a9 elementor-widget elementor-widget-text-editor\" data-id=\"2d5f9a9\" data-element_type=\"widget\" data-widget_type=\"text-editor.default\">\n\t\t\t\t<div class=\"elementor-widget-container\">\n\t\t\t\t\t\t\t\t\tNotre priorit\u00e9 est la s\u00e9curit\u00e9 de nos clients, garantie gr\u00e2ce \u00e0 une zone de vid\u00e9osurveillance 24h\/24. De plus, notre parking est accessible aux personnes \u00e0 mobilit\u00e9 r\u00e9duite (PMR).\t\t\t\t\t\t\t\t<\/div>\n\t\t\t\t<\/div>\n\t\t\t\t\t<\/div>\n\t\t\t\t<\/div>\n\t\t\t\t\t<\/div>\n\t\t\t\t<\/div>\n\t\t\t\t\t<\/div>\n\t\t\t\t<\/div>\n\t\t<div class=\"elementor-element elementor-element-180c177 e-flex e-con-boxed e-con e-child\" data-id=\"180c177\" data-element_type=\"container\">\n\t\t\t\t\t<div class=\"e-con-inner\">\n\t\t<div class=\"elementor-element elementor-element-87f8127 e-flex e-con-boxed e-con e-child\" data-id=\"87f8127\" data-element_type=\"container\">\n\t\t\t\t\t<div class=\"e-con-inner\">\n\t\t<div class=\"elementor-element elementor-element-394e7a3 e-flex e-con-boxed e-con e-child\" data-id=\"394e7a3\" data-element_type=\"container\">\n\t\t\t\t\t<div class=\"e-con-inner\">\n\t\t\t\t<div class=\"elementor-element elementor-element-36e55f1 elementor-widget elementor-widget-heading\" data-id=\"36e55f1\" data-element_type=\"widget\" data-widget_type=\"heading.default\">\n\t\t\t\t<div class=\"elementor-widget-container\">\n\t\t\t\t\t<h3 class=\"elementor-heading-title elementor-size-default\">O\u00f9 se trouve notre parking ?<\/h3>\t\t\t\t<\/div>\n\t\t\t\t<\/div>\n\t\t\t\t<div class=\"elementor-element elementor-element-e26f1bd elementor-widget elementor-widget-text-editor\" data-id=\"e26f1bd\" data-element_type=\"widget\" data-widget_type=\"text-editor.default\">\n\t\t\t\t<div class=\"elementor-widget-container\">\n\t\t\t\t\t\t\t\t\tEstamos ubicados en C. Doctor Pag\u00e8s, 24, 08922 Santa Coloma de Gramenet, justo en el centro de la ciudad y cerca de la Rambla Sant Sebasti\u00e0 y la Rambla del Fondo. Nuestro parking proporciona acceso conveniente a m\u00faltiples opciones de transporte p\u00fablico, como las estaciones de metro L1 y L9, asegurando un f\u00e1cil desplazamiento hacia el centro de Barcelona y otros destinos clave en la regi\u00f3n.\t\t\t\t\t\t\t\t<\/div>\n\t\t\t\t<\/div>\n\t\t\t\t<div class=\"elementor-element elementor-element-73ae314 elementor-widget elementor-widget-text-editor\" data-id=\"73ae314\" data-element_type=\"widget\" data-widget_type=\"text-editor.default\">\n\t\t\t\t<div class=\"elementor-widget-container\">\n\t\t\t\t\t\t\t\t\tEstaciona en Parking Centro Santa Coloma y descubre la comodidad de estar en el coraz\u00f3n de Santa Coloma de Gramenet, con acceso cercano a la animada Rambla Sant Sebasti\u00e0 y la Rambla del Fondo.\t\t\t\t\t\t\t\t<\/div>\n\t\t\t\t<\/div>\n\t\t\t\t\t<\/div>\n\t\t\t\t<\/div>\n\t\t<div class=\"elementor-element elementor-element-a10a3c2 e-flex e-con-boxed e-con e-child\" data-id=\"a10a3c2\" data-element_type=\"container\" data-settings=\"{&quot;background_background&quot;:&quot;classic&quot;}\">\n\t\t\t\t\t<div class=\"e-con-inner\">\n\t\t\t\t\t<\/div>\n\t\t\t\t<\/div>\n\t\t\t\t\t<\/div>\n\t\t\t\t<\/div>\n\t\t\t\t\t<\/div>\n\t\t\t\t<\/div>\n\t\t\t\t\t<\/div>\n\t\t\t\t<\/div>\n\t\t<div class=\"elementor-element elementor-element-1fc0ce7 e-flex e-con-boxed e-con e-parent\" data-id=\"1fc0ce7\" data-element_type=\"container\" data-settings=\"{&quot;background_background&quot;:&quot;classic&quot;}\">\n\t\t\t\t\t<div class=\"e-con-inner\">\n\t\t\t\t<div class=\"elementor-element elementor-element-bcfd0cb elementor-widget elementor-widget-heading\" data-id=\"bcfd0cb\" data-element_type=\"widget\" data-widget_type=\"heading.default\">\n\t\t\t\t<div class=\"elementor-widget-container\">\n\t\t\t\t\t<h2 class=\"elementor-heading-title elementor-size-default\">Ubicaci\u00f3n del Parking Centro Santa Coloma<\/h2>\t\t\t\t<\/div>\n\t\t\t\t<\/div>\n\t\t\t\t<div class=\"elementor-element elementor-element-5a30b2a elementor-widget elementor-widget-google_maps\" data-id=\"5a30b2a\" data-element_type=\"widget\" data-widget_type=\"google_maps.default\">\n\t\t\t\t<div class=\"elementor-widget-container\">\n\t\t\t\t\t\t\t<div class=\"elementor-custom-embed\">\n\t\t\t<iframe loading=\"lazy\"\n\t\t\t\t\tsrc=\"https:\/\/maps.google.com\/maps?q=Carrer%20del%20Doctor%20Pag%C3%A8s%2C%2024%2C%2008922%20Santa%20Coloma%20de%20Gramenet%2C%20Barcelona&#038;t=m&#038;z=15&#038;output=embed&#038;iwloc=near\"\n\t\t\t\t\ttitle=\"Carrer del Doctor Pag\u00e8s, 24, 08922 Santa Coloma de Gramenet, Barcelona\"\n\t\t\t\t\taria-label=\"Carrer del Doctor Pag\u00e8s, 24, 08922 Santa Coloma de Gramenet, Barcelona\"\n\t\t\t><\/iframe>\n\t\t<\/div>\n\t\t\t\t\t\t<\/div>\n\t\t\t\t<\/div>\n\t\t\t\t\t<\/div>\n\t\t\t\t<\/div>\n\t\t\t\t<\/div>","protected":false},"excerpt":{"rendered":"<p>Parking Centro Santa Coloma Tu parking de confianza en pleno centro de Santa Coloma de Gramanet Abierto 24 horas, 365 [&hellip;]<\/p>","protected":false},"author":1,"featured_media":0,"parent":0,"menu_order":0,"comment_status":"closed","ping_status":"closed","template":"elementor_header_footer","meta":{"site-sidebar-layout":"default","site-content-layout":"","ast-site-content-layout":"","site-content-style":"default","site-sidebar-style":"default","ast-global-header-display":"","ast-banner-title-visibility":"","ast-main-header-display":"","ast-hfb-above-header-display":"","ast-hfb-below-header-display":"","ast-hfb-mobile-header-display":"","site-post-title":"","ast-breadcrumbs-content":"","ast-featured-img":"","footer-sml-layout":"","theme-transparent-header-meta":"","adv-header-id-meta":"","stick-header-meta":"","header-above-stick-meta":"","header-main-stick-meta":"","header-below-stick-meta":"","astra-migrate-meta-layouts":"default","ast-page-background-enabled":"default","ast-page-background-meta":{"desktop":{"background-color":"var(--ast-global-color-4)","background-image":"","background-repeat":"repeat","background-position":"center center","background-size":"auto","background-attachment":"scroll","background-type":"","background-media":"","overlay-type":"","overlay-color":"","overlay-opacity":"","overlay-gradient":""},"tablet":{"background-color":"","background-image":"","background-repeat":"repeat","background-position":"center center","background-size":"auto","background-attachment":"scroll","background-type":"","background-media":"","overlay-type":"","overlay-color":"","overlay-opacity":"","overlay-gradient":""},"mobile":{"background-color":"","background-image":"","background-repeat":"repeat","background-position":"center center","background-size":"auto","background-attachment":"scroll","background-type":"","background-media":"","overlay-type":"","overlay-color":"","overlay-opacity":"","overlay-gradient":""}},"ast-content-background-meta":{"desktop":{"background-color":"var(--ast-global-color-5)","background-image":"","background-repeat":"repeat","background-position":"center center","background-size":"auto","background-attachment":"scroll","background-type":"","background-media":"","overlay-type":"","overlay-color":"","overlay-opacity":"","overlay-gradient":""},"tablet":{"background-color":"var(--ast-global-color-5)","background-image":"","background-repeat":"repeat","background-position":"center center","background-size":"auto","background-attachment":"scroll","background-type":"","background-media":"","overlay-type":"","overlay-color":"","overlay-opacity":"","overlay-gradient":""},"mobile":{"background-color":"var(--ast-global-color-5)","background-image":"","background-repeat":"repeat","background-position":"center center","background-size":"auto","background-attachment":"scroll","background-type":"","background-media":"","overlay-type":"","overlay-color":"","overlay-opacity":"","overlay-gradient":""}},"footnotes":""},"class_list":["post-1631","page","type-page","status-publish","hentry"],"acf":[],"yoast_head":"<!-- This site is optimized with the Yoast SEO plugin v22.8 - https:\/\/yoast.com\/wordpress\/plugins\/seo\/ -->\n<title>Inicio - Parking Centre Santa Coloma<\/title>\n<meta name=\"robots\" content=\"index, follow, max-snippet:-1, max-image-preview:large, max-video-preview:-1\" \/>\n<link rel=\"canonical\" href=\"https:\/\/parkingcentre.es\/fr\/\" \/>\n<meta property=\"og:locale\" content=\"fr_FR\" \/>\n<meta property=\"og:type\" content=\"article\" \/>\n<meta property=\"og:title\" content=\"Inicio - Parking Centre Santa Coloma\" \/>\n<meta property=\"og:description\" content=\"Parking Centro Santa Coloma Tu parking de confianza en pleno centro de Santa Coloma de Gramanet Abierto 24 horas, 365 [&hellip;]\" \/>\n<meta property=\"og:url\" content=\"https:\/\/parkingcentre.es\/fr\/\" \/>\n<meta property=\"og:site_name\" content=\"Parking Centre Santa Coloma\" \/>\n<meta property=\"article:modified_time\" content=\"2024-07-10T16:26:56+00:00\" \/>\n<meta property=\"og:image\" content=\"https:\/\/parkingcentre.es\/wp-content\/uploads\/sites\/16\/2024\/05\/Parking-CENTRO-Santa-Coloma-36-e1720626774423.jpg\" \/>\n<meta name=\"twitter:card\" content=\"summary_large_image\" \/>\n<meta name=\"twitter:label1\" content=\"Dur\u00e9e de lecture estim\u00e9e\" \/>\n\t<meta name=\"twitter:data1\" content=\"4 minutes\" \/>\n<script type=\"application\/ld+json\" class=\"yoast-schema-graph\">{\"@context\":\"https:\/\/schema.org\",\"@graph\":[{\"@type\":\"WebPage\",\"@id\":\"https:\/\/parkingcentre.es\/\",\"url\":\"https:\/\/parkingcentre.es\/\",\"name\":\"Inicio - Parking Centre Santa Coloma\",\"isPartOf\":{\"@id\":\"https:\/\/parkingcentre.es\/#website\"},\"primaryImageOfPage\":{\"@id\":\"https:\/\/parkingcentre.es\/#primaryimage\"},\"image\":{\"@id\":\"https:\/\/parkingcentre.es\/#primaryimage\"},\"thumbnailUrl\":\"https:\/\/parkingcentre.es\/wp-content\/uploads\/sites\/16\/2024\/05\/Parking-CENTRO-Santa-Coloma-36-e1720626774423.jpg\",\"datePublished\":\"2024-06-02T20:58:30+00:00\",\"dateModified\":\"2024-07-10T16:26:56+00:00\",\"breadcrumb\":{\"@id\":\"https:\/\/parkingcentre.es\/#breadcrumb\"},\"inLanguage\":\"fr-FR\",\"potentialAction\":[{\"@type\":\"ReadAction\",\"target\":[\"https:\/\/parkingcentre.es\/\"]}]},{\"@type\":\"ImageObject\",\"inLanguage\":\"fr-FR\",\"@id\":\"https:\/\/parkingcentre.es\/#primaryimage\",\"url\":\"https:\/\/parkingcentre.es\/wp-content\/uploads\/sites\/16\/2024\/05\/Parking-CENTRO-Santa-Coloma-36-e1720626774423.jpg\",\"contentUrl\":\"https:\/\/parkingcentre.es\/wp-content\/uploads\/sites\/16\/2024\/05\/Parking-CENTRO-Santa-Coloma-36-e1720626774423.jpg\"},{\"@type\":\"BreadcrumbList\",\"@id\":\"https:\/\/parkingcentre.es\/#breadcrumb\",\"itemListElement\":[{\"@type\":\"ListItem\",\"position\":1,\"name\":\"Home\",\"item\":\"https:\/\/parkingcentre.es\/\"},{\"@type\":\"ListItem\",\"position\":2,\"name\":\"Inicio\"}]},{\"@type\":\"WebSite\",\"@id\":\"https:\/\/parkingcentre.es\/#website\",\"url\":\"https:\/\/parkingcentre.es\/\",\"name\":\"Parking Centre Santa Coloma\",\"description\":\"\",\"potentialAction\":[{\"@type\":\"SearchAction\",\"target\":{\"@type\":\"EntryPoint\",\"urlTemplate\":\"https:\/\/parkingcentre.es\/?s={search_term_string}\"},\"query-input\":\"required name=search_term_string\"}],\"inLanguage\":\"fr-FR\"}]}<\/script>\n<!-- \/ Yoast SEO plugin. -->","yoast_head_json":{"title":"Inicio - Parking Centre Santa Coloma","robots":{"index":"index","follow":"follow","max-snippet":"max-snippet:-1","max-image-preview":"max-image-preview:large","max-video-preview":"max-video-preview:-1"},"canonical":"https:\/\/parkingcentre.es\/fr\/","og_locale":"fr_FR","og_type":"article","og_title":"Inicio - Parking Centre Santa Coloma","og_description":"Parking Centro Santa Coloma Tu parking de confianza en pleno centro de Santa Coloma de Gramanet Abierto 24 horas, 365 [&hellip;]","og_url":"https:\/\/parkingcentre.es\/fr\/","og_site_name":"Parking Centre Santa Coloma","article_modified_time":"2024-07-10T16:26:56+00:00","og_image":[{"url":"https:\/\/parkingcentre.es\/wp-content\/uploads\/sites\/16\/2024\/05\/Parking-CENTRO-Santa-Coloma-36-e1720626774423.jpg"}],"twitter_card":"summary_large_image","twitter_misc":{"Dur\u00e9e de lecture estim\u00e9e":"4 minutes"},"schema":{"@context":"https:\/\/schema.org","@graph":[{"@type":"WebPage","@id":"https:\/\/parkingcentre.es\/","url":"https:\/\/parkingcentre.es\/","name":"Inicio - Parking Centre Santa Coloma","isPartOf":{"@id":"https:\/\/parkingcentre.es\/#website"},"primaryImageOfPage":{"@id":"https:\/\/parkingcentre.es\/#primaryimage"},"image":{"@id":"https:\/\/parkingcentre.es\/#primaryimage"},"thumbnailUrl":"https:\/\/parkingcentre.es\/wp-content\/uploads\/sites\/16\/2024\/05\/Parking-CENTRO-Santa-Coloma-36-e1720626774423.jpg","datePublished":"2024-06-02T20:58:30+00:00","dateModified":"2024-07-10T16:26:56+00:00","breadcrumb":{"@id":"https:\/\/parkingcentre.es\/#breadcrumb"},"inLanguage":"fr-FR","potentialAction":[{"@type":"ReadAction","target":["https:\/\/parkingcentre.es\/"]}]},{"@type":"ImageObject","inLanguage":"fr-FR","@id":"https:\/\/parkingcentre.es\/#primaryimage","url":"https:\/\/parkingcentre.es\/wp-content\/uploads\/sites\/16\/2024\/05\/Parking-CENTRO-Santa-Coloma-36-e1720626774423.jpg","contentUrl":"https:\/\/parkingcentre.es\/wp-content\/uploads\/sites\/16\/2024\/05\/Parking-CENTRO-Santa-Coloma-36-e1720626774423.jpg"},{"@type":"BreadcrumbList","@id":"https:\/\/parkingcentre.es\/#breadcrumb","itemListElement":[{"@type":"ListItem","position":1,"name":"Home","item":"https:\/\/parkingcentre.es\/"},{"@type":"ListItem","position":2,"name":"Inicio"}]},{"@type":"WebSite","@id":"https:\/\/parkingcentre.es\/#website","url":"https:\/\/parkingcentre.es\/","name":"Parking Centre Santa Coloma","description":"","potentialAction":[{"@type":"SearchAction","target":{"@type":"EntryPoint","urlTemplate":"https:\/\/parkingcentre.es\/?s={search_term_string}"},"query-input":"required name=search_term_string"}],"inLanguage":"fr-FR"}]}},"_links":{"self":[{"href":"https:\/\/parkingcentre.es\/fr\/wp-json\/wp\/v2\/pages\/1631","targetHints":{"allow":["GET"]}}],"collection":[{"href":"https:\/\/parkingcentre.es\/fr\/wp-json\/wp\/v2\/pages"}],"about":[{"href":"https:\/\/parkingcentre.es\/fr\/wp-json\/wp\/v2\/types\/page"}],"author":[{"embeddable":true,"href":"https:\/\/parkingcentre.es\/fr\/wp-json\/wp\/v2\/users\/1"}],"replies":[{"embeddable":true,"href":"https:\/\/parkingcentre.es\/fr\/wp-json\/wp\/v2\/comments?post=1631"}],"version-history":[{"count":123,"href":"https:\/\/parkingcentre.es\/fr\/wp-json\/wp\/v2\/pages\/1631\/revisions"}],"predecessor-version":[{"id":2231,"href":"https:\/\/parkingcentre.es\/fr\/wp-json\/wp\/v2\/pages\/1631\/revisions\/2231"}],"wp:attachment":[{"href":"https:\/\/parkingcentre.es\/fr\/wp-json\/wp\/v2\/media?parent=1631"}],"curies":[{"name":"wp","href":"https:\/\/api.w.org\/{rel}","templated":true}]}}